{"id":3445,"date":"2016-09-23T10:22:45","date_gmt":"2016-09-23T10:22:45","guid":{"rendered":"http:\/\/trazosytendencias.es\/wp-content\/uploads\/2016\/09\/El\u00e9ctrico-Iluminaci\u00f3n.jpg"},"modified":"2016-10-06T12:04:45","modified_gmt":"2016-10-06T10:04:45","slug":"electrico-iluminacion","status":"inherit","type":"attachment","link":"https:\/\/trazosytendencias.com\/en\/sectors\/electrico-iluminacion\/","title":{"rendered":"Electrico Lluminacion"},"author":1,"comment_status":"open","ping_status":"closed","template":"","meta":[],"description":{"rendered":"<p class=\"attachment\"><a href='https:\/\/trazosytendencias.com\/wp-content\/uploads\/2016\/09\/El\u00e9ctrico-Iluminaci\u00f3n.jpg'><img width=\"300\" height=\"200\" src=\"https:\/\/trazosytendencias.com\/wp-content\/uploads\/2016\/09\/El\u00e9ctrico-Iluminaci\u00f3n-300x200.jpg\" class=\"attachment-medium size-medium\" alt=\"\" loading=\"lazy\" srcset=\"https:\/\/trazosytendencias.com\/wp-content\/uploads\/2016\/09\/El\u00e9ctrico-Iluminaci\u00f3n-300x200.jpg 300w, https:\/\/trazosytendencias.com\/wp-content\/uploads\/2016\/09\/El\u00e9ctrico-Iluminaci\u00f3n-195x130.jpg 195w, https:\/\/trazosytendencias.com\/wp-content\/uploads\/2016\/09\/El\u00e9ctrico-Iluminaci\u00f3n-219x146.jpg 219w, https:\/\/trazosytendencias.com\/wp-content\/uploads\/2016\/09\/El\u00e9ctrico-Iluminaci\u00f3n-50x33.jpg 50w, https:\/\/trazosytendencias.com\/wp-content\/uploads\/2016\/09\/El\u00e9ctrico-Iluminaci\u00f3n-113x75.jpg 113w, https:\/\/trazosytendencias.com\/wp-content\/uploads\/2016\/09\/El\u00e9ctrico-Iluminaci\u00f3n.jpg 600w\" sizes=\"(max-width: 300px) 100vw, 300px\" \/><\/a><\/p>\n"},"caption":{"rendered":"<p>Electrical &#8211; lighting<\/p>\n"},"alt_text":"","media_type":"image","mime_type":"image\/jpeg","media_details":{"width":600,"height":400,"file":"2016\/09\/El\u00e9ctrico-Iluminaci\u00f3n.jpg","sizes":{"thumbnail":{"file":"El\u00e9ctrico-Iluminaci\u00f3n-195x130.jpg","width":195,"height":130,"mime_type":"image\/jpeg","source_url":"https:\/\/trazosytendencias.com\/wp-content\/uploads\/2016\/09\/El\u00e9ctrico-Iluminaci\u00f3n-195x130.jpg"},"medium":{"file":"El\u00e9ctrico-Iluminaci\u00f3n-300x200.jpg","width":300,"height":200,"mime_type":"image\/jpeg","source_url":"https:\/\/trazosytendencias.com\/wp-content\/uploads\/2016\/09\/El\u00e9ctrico-Iluminaci\u00f3n-300x200.jpg"},"post-thumbnail":{"file":"El\u00e9ctrico-Iluminaci\u00f3n-219x146.jpg","width":219,"height":146,"mime_type":"image\/jpeg","source_url":"https:\/\/trazosytendencias.com\/wp-content\/uploads\/2016\/09\/El\u00e9ctrico-Iluminaci\u00f3n-219x146.jpg"},"50x50":{"file":"El\u00e9ctrico-Iluminaci\u00f3n-50x33.jpg","width":50,"height":33,"mime_type":"image\/jpeg","source_url":"https:\/\/trazosytendencias.com\/wp-content\/uploads\/2016\/09\/El\u00e9ctrico-Iluminaci\u00f3n-50x33.jpg"},"clients-slider":{"file":"El\u00e9ctrico-Iluminaci\u00f3n-113x75.jpg","width":113,"height":75,"mime_type":"image\/jpeg","source_url":"https:\/\/trazosytendencias.com\/wp-content\/uploads\/2016\/09\/El\u00e9ctrico-Iluminaci\u00f3n-113x75.jpg"},"testimonials":{"file":"El\u00e9ctrico-Iluminaci\u00f3n-85x85.jpg","width":85,"height":85,"mime_type":"image\/jpeg","source_url":"https:\/\/trazosytendencias.com\/wp-content\/uploads\/2016\/09\/El\u00e9ctrico-Iluminaci\u00f3n-85x85.jpg"},"blog-navi":{"file":"El\u00e9ctrico-Iluminaci\u00f3n-80x80.jpg","width":80,"height":80,"mime_type":"image\/jpeg","source_url":"https:\/\/trazosytendencias.com\/wp-content\/uploads\/2016\/09\/El\u00e9ctrico-Iluminaci\u00f3n-80x80.jpg"},"full":{"file":"El\u00e9ctrico-Iluminaci\u00f3n.jpg","width":600,"height":400,"mime_type":"image\/jpeg","source_url":"https:\/\/trazosytendencias.com\/wp-content\/uploads\/2016\/09\/El\u00e9ctrico-Iluminaci\u00f3n.jpg"}},"image_meta":{"aperture":"0","credit":"","camera":"","caption":"","created_timestamp":"0","copyright":"","focal_length":"0","iso":"0","shutter_speed":"0","title":"","orientation":"0","keywords":[]}},"post":3672,"source_url":"https:\/\/trazosytendencias.com\/wp-content\/uploads\/2016\/09\/El\u00e9ctrico-Iluminaci\u00f3n.jpg","_links":{"self":[{"href":"https:\/\/trazosytendencias.com\/en\/wp-json\/wp\/v2\/media\/3445"}],"collection":[{"href":"https:\/\/trazosytendencias.com\/en\/wp-json\/wp\/v2\/media"}],"about":[{"href":"https:\/\/trazosytendencias.com\/en\/wp-json\/wp\/v2\/types\/attachment"}],"author":[{"embeddable":true,"href":"https:\/\/trazosytendencias.com\/en\/wp-json\/wp\/v2\/users\/1"}],"replies":[{"embeddable":true,"href":"https:\/\/trazosytendencias.com\/en\/wp-json\/wp\/v2\/comments?post=3445"}]}}